{"id":2448,"date":"2024-12-16T14:09:00","date_gmt":"2024-12-16T12:09:00","guid":{"rendered":"https:\/\/cosmoflag.com\/?post_type=product&#038;p=2448"},"modified":"2025-08-12T21:20:51","modified_gmt":"2025-08-12T19:20:51","slug":"belgiens-flagga","status":"publish","type":"product","link":"https:\/\/cosmoflag.com\/sv\/product\/belgiens-flagga\/","title":{"rendered":"Belgiens flagga"},"content":{"rendered":"<h3>Utformning av Belgiens flagga<\/h3>\n<p>V\u00e5r Belgien-flagga \u00e4r tillverkad av h\u00f6gkvalitativ polyester, vilket g\u00f6r den idealisk f\u00f6r l\u00e5ngvarig anv\u00e4ndning, b\u00e5de inomhus och utomhus. Den har metallgenomf\u00f6ringar f\u00f6r enkel installation och garanterad h\u00e5llfasthet, \u00e4ven under ogynnsamma v\u00e4derf\u00f6rh\u00e5llanden. V\u00e5r flagga finns i en storlek p\u00e5 90 x 150 cm\/35 x 59 tum f\u00f6r maximal synlighet och uppfyller en m\u00e4ngd olika behov, oavsett om du vill visa den p\u00e5 en stolpe eller en v\u00e4gg.<\/p>\n<h3>En nationell symbol som genomsyras av historia<\/h3>\n<p>Den belgiska flaggan, med sina svarta, gula och r\u00f6da vertikala r\u00e4nder, \u00e4r mycket mer \u00e4n en enkel nationell banner. Antaget 1831, strax efter belgisk sj\u00e4lvst\u00e4ndighet, tar flaggan sina f\u00e4rger fr\u00e5n hertigd\u00f6met Brabant. Svart, gult och r\u00f6tt symboliserar det belgiska folkets kraft, v\u00e4lst\u00e5nd och mod. Denna flagga \u00e4r inte bara ett dekorativt element; den f\u00f6rkroppsligar Belgiens historia, enhet och demokratiska v\u00e4rderingar.<\/p>\n<h3>M\u00e5ngsidiga anv\u00e4ndningsm\u00f6jligheter<\/h3>\n<p>Oavsett om det g\u00e4ller nationella firanden, sportevenemang eller utbildnings\u00e4ndam\u00e5l \u00e4r den belgiska flaggan l\u00e4mplig f\u00f6r alla tillf\u00e4llen. Dess robusta design och blekningsbest\u00e4ndiga f\u00e4rger s\u00e4kerst\u00e4ller att flaggan beh\u00e5ller sin betydelse och visuella p\u00e5verkan \u00f6ver tiden.<\/p>","protected":false},"excerpt":{"rendered":"<p>150 x 90 cm flagga med 2 kraftiga metall\u00f6glor f\u00f6r s\u00e4ker upph\u00e4ngning.<\/p>","protected":false},"featured_media":1829,"comment_status":"open","ping_status":"closed","template":"","meta":{"_gspb_post_css":"","iawp_total_views":8},"product_brand":[],"product_cat":[15],"product_tag":[],"class_list":{"0":"post-2448","1":"product","2":"type-product","3":"status-publish","4":"has-post-thumbnail","6":"product_cat-other","8":"first","9":"instock","10":"sale","11":"shipping-taxable","12":"purchasable","13":"product-type-simple"},"_links":{"self":[{"href":"https:\/\/cosmoflag.com\/sv\/wp-json\/wp\/v2\/product\/2448","targetHints":{"allow":["GET"]}}],"collection":[{"href":"https:\/\/cosmoflag.com\/sv\/wp-json\/wp\/v2\/product"}],"about":[{"href":"https:\/\/cosmoflag.com\/sv\/wp-json\/wp\/v2\/types\/product"}],"replies":[{"embeddable":true,"href":"https:\/\/cosmoflag.com\/sv\/wp-json\/wp\/v2\/comments?post=2448"}],"wp:featuredmedia":[{"embeddable":true,"href":"https:\/\/cosmoflag.com\/sv\/wp-json\/wp\/v2\/media\/1829"}],"wp:attachment":[{"href":"https:\/\/cosmoflag.com\/sv\/wp-json\/wp\/v2\/media?parent=2448"}],"wp:term":[{"taxonomy":"product_brand","embeddable":true,"href":"https:\/\/cosmoflag.com\/sv\/wp-json\/wp\/v2\/product_brand?post=2448"},{"taxonomy":"product_cat","embeddable":true,"href":"https:\/\/cosmoflag.com\/sv\/wp-json\/wp\/v2\/product_cat?post=2448"},{"taxonomy":"product_tag","embeddable":true,"href":"https:\/\/cosmoflag.com\/sv\/wp-json\/wp\/v2\/product_tag?post=2448"}],"curies":[{"name":"wp","href":"https:\/\/api.w.org\/{rel}","templated":true}]}}