{"id":2395,"date":"2024-12-15T20:09:00","date_gmt":"2024-12-15T18:09:00","guid":{"rendered":"https:\/\/cosmoflag.com\/?post_type=product&#038;p=2395"},"modified":"2025-11-30T23:47:05","modified_gmt":"2025-11-30T21:47:05","slug":"serbiens-flagga","status":"publish","type":"product","link":"https:\/\/cosmoflag.com\/sv\/product\/serbiens-flagga\/","title":{"rendered":"Serbiens flagga"},"content":{"rendered":"<h3>Utformningen av den serbiska flaggan med den dubbelh\u00f6vdade \u00f6rnen<\/h3>\n<p>V\u00e5r Serbien-flagga med Nemanji\u0107 dubbelh\u00f6vdade \u00f6rn \u00e4r tillverkad av h\u00f6gkvalitativ polyester, vilket g\u00f6r den idealisk f\u00f6r l\u00e5ngvarig anv\u00e4ndning, oavsett om det \u00e4r inomhus eller utomhus. Den har metall\u00f6glor som g\u00f6r den enkel att installera och s\u00e4kerst\u00e4ller att den sitter kvar, \u00e4ven under sv\u00e5ra v\u00e4derf\u00f6rh\u00e5llanden. V\u00e5r flagga finns i 90 x 150 cm\/35 x 59 tum f\u00f6r maximal synlighet och uppfyller en m\u00e4ngd olika behov, oavsett om du vill visa den p\u00e5 en stolpe eller en v\u00e4gg.<\/p>\n<h3>En nationell symbol som \u00e4r fylld av historia och betydelse<\/h3>\n<p>Serbiens flagga har tre horisontella r\u00e4nder av r\u00f6tt, bl\u00e5tt och vitt, med en svart dubbelh\u00f6vdad \u00f6rn i mitten. Denna \u00f6rn, en symbol som \u00e4rvt fr\u00e5n Nemanji\u0107, den medeltida serbiska dynastin, representerar den serbiska statens suver\u00e4nitet och makt. Flaggans f\u00e4rger - r\u00f6tt, bl\u00e5tt och vitt - \u00e4r traditionella slaviska, med r\u00f6tt som symboliserar blodet som kastas f\u00f6r frihet, bl\u00e5 den serbiska himlen och vit renhet och fred. Den dubbelh\u00f6vdade \u00f6rnen l\u00e4gger till en dimension av historisk kontinuitet och respekt f\u00f6r tradition.<\/p>\n<h3>M\u00e5ngsidiga anv\u00e4ndningsm\u00f6jligheter<\/h3>\n<p>Oavsett om det g\u00e4ller nationella firanden, sportevenemang, kulturella evenemang eller utbildnings\u00e4ndam\u00e5l, \u00e4r den serbiska flaggan med den dubbelh\u00f6vdade \u00f6rnen l\u00e4mplig f\u00f6r alla tillf\u00e4llen. Dess robusta design och blekningsbest\u00e4ndiga f\u00e4rger s\u00e4kerst\u00e4ller att flaggan beh\u00e5ller sin mening och visuella p\u00e5verkan \u00f6ver tiden.<\/p>","protected":false},"excerpt":{"rendered":"<p>150 x 90 cm flagga med 2 kraftiga metall\u00f6glor f\u00f6r s\u00e4ker upph\u00e4ngning.<\/p>","protected":false},"featured_media":1381,"comment_status":"open","ping_status":"closed","template":"","meta":{"_gspb_post_css":"","iawp_total_views":10},"product_brand":[],"product_cat":[65,58],"product_tag":[],"class_list":{"0":"post-2395","1":"product","2":"type-product","3":"status-publish","4":"has-post-thumbnail","6":"product_cat-europe-flags","7":"product_cat-country-flags","9":"first","10":"instock","11":"sale","12":"shipping-taxable","13":"purchasable","14":"product-type-simple"},"_links":{"self":[{"href":"https:\/\/cosmoflag.com\/sv\/wp-json\/wp\/v2\/product\/2395","targetHints":{"allow":["GET"]}}],"collection":[{"href":"https:\/\/cosmoflag.com\/sv\/wp-json\/wp\/v2\/product"}],"about":[{"href":"https:\/\/cosmoflag.com\/sv\/wp-json\/wp\/v2\/types\/product"}],"replies":[{"embeddable":true,"href":"https:\/\/cosmoflag.com\/sv\/wp-json\/wp\/v2\/comments?post=2395"}],"wp:featuredmedia":[{"embeddable":true,"href":"https:\/\/cosmoflag.com\/sv\/wp-json\/wp\/v2\/media\/1381"}],"wp:attachment":[{"href":"https:\/\/cosmoflag.com\/sv\/wp-json\/wp\/v2\/media?parent=2395"}],"wp:term":[{"taxonomy":"product_brand","embeddable":true,"href":"https:\/\/cosmoflag.com\/sv\/wp-json\/wp\/v2\/product_brand?post=2395"},{"taxonomy":"product_cat","embeddable":true,"href":"https:\/\/cosmoflag.com\/sv\/wp-json\/wp\/v2\/product_cat?post=2395"},{"taxonomy":"product_tag","embeddable":true,"href":"https:\/\/cosmoflag.com\/sv\/wp-json\/wp\/v2\/product_tag?post=2395"}],"curies":[{"name":"wp","href":"https:\/\/api.w.org\/{rel}","templated":true}]}}